{"id":3750,"date":"2019-08-07T08:19:13","date_gmt":"2019-08-07T06:19:13","guid":{"rendered":"https:\/\/www.matestudio.love\/raquel-e-amanda\/"},"modified":"2022-06-08T23:10:08","modified_gmt":"2022-06-08T21:10:08","slug":"raquel-e-amanda","status":"publish","type":"page","link":"https:\/\/www.matestudio.love\/pt-pt\/raquel-e-amanda\/","title":{"rendered":"Raquel e Amanda"},"content":{"rendered":"\t\t<div data-elementor-type=\"wp-post\" data-elementor-id=\"3750\" class=\"elementor elementor-3750 elementor-26\" data-elementor-post-type=\"page\">\n\t\t\t\t\t\t<section class=\"elementor-section elementor-top-section elementor-element elementor-element-fb66307 elementor-section-boxed elementor-section-height-default elementor-section-height-default\" data-id=\"fb66307\" data-element_type=\"section\" data-e-type=\"section\">\n\t\t\t\t\t\t<div class=\"elementor-container elementor-column-gap-default\">\n\t\t\t\t\t<div class=\"elementor-column elementor-col-100 elementor-top-column elementor-element elementor-element-28eab0d\" data-id=\"28eab0d\" data-element_type=\"column\" data-e-type=\"column\">\n\t\t\t<div class=\"elementor-widget-wrap elementor-element-populated\">\n\t\t\t\t\t\t<div class=\"elementor-element elementor-element-18b1cb9 elementor-widget elementor-widget-heading\" data-id=\"18b1cb9\" data-element_type=\"widget\" data-e-type=\"widget\" data-widget_type=\"heading.default\">\n\t\t\t\t<div class=\"elementor-widget-container\">\n\t\t\t\t\t<h1 class=\"elementor-heading-title elementor-size-default\">Raquel e Amanda<\/h1>\t\t\t\t<\/div>\n\t\t\t\t<\/div>\n\t\t\t\t<div class=\"elementor-element elementor-element-ee7b637 elementor-widget elementor-widget-image\" data-id=\"ee7b637\" data-element_type=\"widget\" data-e-type=\"widget\" data-widget_type=\"image.default\">\n\t\t\t\t<div class=\"elementor-widget-container\">\n\t\t\t\t\t\t\t\t\t\t\t\t\t\t\t<img fetchpriority=\"high\" decoding=\"async\" width=\"900\" height=\"600\" src=\"https:\/\/www.matestudio.love\/wp-content\/uploads\/2020\/04\/Raquel-y-Amanda.jpeg\" class=\"attachment-full size-full wp-image-2902\" alt=\"\" srcset=\"https:\/\/www.matestudio.love\/wp-content\/uploads\/2020\/04\/Raquel-y-Amanda.jpeg 900w, https:\/\/www.matestudio.love\/wp-content\/uploads\/2020\/04\/Raquel-y-Amanda-600x400.jpeg 600w, https:\/\/www.matestudio.love\/wp-content\/uploads\/2020\/04\/Raquel-y-Amanda-768x512.jpeg 768w\" sizes=\"(max-width: 900px) 100vw, 900px\" \/>\t\t\t\t\t\t\t\t\t\t\t\t\t\t\t<\/div>\n\t\t\t\t<\/div>\n\t\t\t\t<div class=\"elementor-element elementor-element-317b0c8 elementor-widget elementor-widget-text-editor\" data-id=\"317b0c8\" data-element_type=\"widget\" data-e-type=\"widget\" data-widget_type=\"text-editor.default\">\n\t\t\t\t<div class=\"elementor-widget-container\">\n\t\t\t\t\t\t\t\t\t<p>Dois olhares&#8230; \u00c9 um sonhador ou um realista?<\/p><p><span style=\"font-size: 17px;\">\u00c9 dif\u00edcil criar algo a partir do zero e v\u00ea-lo crescer. \u00c9 dif\u00edcil criar algo do zero por si pr\u00f3prio e certamente n\u00e3o \u00e9 f\u00e1cil faz\u00ea-lo em conjunto com a pessoa mais diferente do mundo. \u00c9 dif\u00edcil mas \u00e9 tamb\u00e9m divertido, enriquecedor e um tsunami completo. \u00c9 a Amanda, um tsunami de ideias e ac\u00e7\u00e3o porque ela n\u00e3o p\u00e1ra. Vai ver. Se ela for a tempestade, eu serei a calma.<\/span><\/p><p>\u00c9 ela que fala (e fala, e fala, e fala&#8230;) e eu \u00e9 que ou\u00e7o. Se ela for a alta (e tanto), eu serei a baixa. Mesmo nisto temos sido virados do avesso.<\/p><p>Ela \u00e9 que tinha os planos, eu \u00e9 que tinha os improvisos. Como a vida \u00e9 caprichosa, querendo ter tudo bem organizado e n\u00e3o gostando de planear ou n\u00e3o querendo improvisar e planear mentalmente tudo uma e outra vez.<\/p><p>Ela a que tem sonhos, eu a que tenho os p\u00e9s no ch\u00e3o. Mas, por vezes, deixar-se levar soa demasiado bem.<\/p><p>J\u00e1 encontrou o seu fot\u00f3grafo? Pode ser uma mistura de n\u00f3s os dois.<\/p>\t\t\t\t\t\t\t\t<\/div>\n\t\t\t\t<\/div>\n\t\t\t\t<div class=\"elementor-element elementor-element-cf60734 elementor-widget elementor-widget-heading\" data-id=\"cf60734\" data-element_type=\"widget\" data-e-type=\"widget\" data-widget_type=\"heading.default\">\n\t\t\t\t<div class=\"elementor-widget-container\">\n\t\t\t\t\t<h2 class=\"elementor-heading-title elementor-size-default\">A nossa forma de trabalhar<\/h2>\t\t\t\t<\/div>\n\t\t\t\t<\/div>\n\t\t\t\t<div class=\"elementor-element elementor-element-18b5e6b elementor-widget elementor-widget-text-editor\" data-id=\"18b5e6b\" data-element_type=\"widget\" data-e-type=\"widget\" data-widget_type=\"text-editor.default\">\n\t\t\t\t<div class=\"elementor-widget-container\">\n\t\t\t\t\t\t\t\t\t<h3>O estilo<\/h3><p>Temos um estilo natural, documental. Queremos que se sinta identificado em cada fotografia, em cada detalhe.<\/p><h3>Quantas fotografias entrega?<\/h3><p>N\u00e3o temos um m\u00ednimo ou m\u00e1ximo estipulado. Cada casamento \u00e9 diferente com convidados diferentes em momentos diferentes.<\/p><h3>De quanto tempo precisa para tirar fotografias do nosso casal?<\/h3><p>Quanto mais melhor, melhor, sabemos que \u00e9 um dia muito importante e que quer aproveitar ao m\u00e1ximo com os seus entes queridos. Na verdade, recomendamos vivamente. Estamos contentes com 15 minutos e, idealmente, 30 minutos. Tamb\u00e9m podemos planear um p\u00f3s-casamento e n\u00e3o teremos de nos preocupar com o tempo.<\/p><h3>\u00bfHaces fotos de grupo?<\/h3><p>Sim, \u00e9 claro. Tantos quantos quiser.<\/p><h3>Qual \u00e9 o prazo de entrega?<\/h3><p>A data do casamento \u00e9 algo que influencia, tamb\u00e9m depender\u00e1 de se contratar um \u00e1lbum, p\u00f3s-casamento, etc. Demora um m\u00e1ximo de seis meses e um m\u00ednimo de dois meses.<\/p><h3>Transporta equipamento sobressalente?<\/h3><p>Sim, transportamos um m\u00ednimo de duas c\u00e2maras profissionais.<\/p><h3>Como seria o seu casamento perfeito?<\/h3><p>Fora dos protocolos, adoramos pessoas espont\u00e2neas que desfrutam de cada minuto do seu dia. Estaremos l\u00e1 para preservar cada momento.<\/p>\t\t\t\t\t\t\t\t<\/div>\n\t\t\t\t<\/div>\n\t\t\t\t\t<\/div>\n\t\t<\/div>\n\t\t\t\t\t<\/div>\n\t\t<\/section>\n\t\t\t\t<\/div>\n\t\t","protected":false},"excerpt":{"rendered":"<p>Dois olhares&#8230; \u00c9 um sonhador ou um realista? \u00c9 dif\u00edcil criar algo a partir do zero e v\u00ea-lo crescer. \u00c9 dif\u00edcil criar algo do zero por si pr\u00f3prio e certamente n\u00e3o \u00e9 f\u00e1cil faz\u00ea-lo em conjunto com a pessoa mais diferente do mundo. \u00c9 dif\u00edcil mas \u00e9 tamb\u00e9m divertido, enriquecedor e um tsunami completo. \u00c9 [&hellip;]<\/p>\n","protected":false},"author":1,"featured_media":2212,"parent":0,"menu_order":0,"comment_status":"closed","ping_status":"closed","template":"","meta":{"site-sidebar-layout":"no-sidebar","site-content-layout":"page-builder","ast-site-content-layout":"default","site-content-style":"default","site-sidebar-style":"default","ast-global-header-display":"","ast-banner-title-visibility":"","ast-main-header-display":"","ast-hfb-above-header-display":"","ast-hfb-below-header-display":"","ast-hfb-mobile-header-display":"","site-post-title":"disabled","ast-breadcrumbs-content":"","ast-featured-img":"disabled","footer-sml-layout":"","ast-disable-related-posts":"","theme-transparent-header-meta":"default","adv-header-id-meta":"","stick-header-meta":"","header-above-stick-meta":"","header-main-stick-meta":"","header-below-stick-meta":"","astra-migrate-meta-layouts":"default","ast-page-background-enabled":"default","ast-page-background-meta":{"desktop":{"background-color":"","background-image":"","background-repeat":"repeat","background-position":"center center","background-size":"auto","background-attachment":"scroll","background-type":"","background-media":"","overlay-type":"","overlay-color":"","overlay-opacity":"","overlay-gradient":""},"tablet":{"background-color":"","background-image":"","background-repeat":"repeat","background-position":"center center","background-size":"auto","background-attachment":"scroll","background-type":"","background-media":"","overlay-type":"","overlay-color":"","overlay-opacity":"","overlay-gradient":""},"mobile":{"background-color":"","background-image":"","background-repeat":"repeat","background-position":"center center","background-size":"auto","background-attachment":"scroll","background-type":"","background-media":"","overlay-type":"","overlay-color":"","overlay-opacity":"","overlay-gradient":""}},"ast-content-background-meta":{"desktop":{"background-color":"var(--ast-global-color-5)","background-image":"","background-repeat":"repeat","background-position":"center center","background-size":"auto","background-attachment":"scroll","background-type":"","background-media":"","overlay-type":"","overlay-color":"","overlay-opacity":"","overlay-gradient":""},"tablet":{"background-color":"var(--ast-global-color-5)","background-image":"","background-repeat":"repeat","background-position":"center center","background-size":"auto","background-attachment":"scroll","background-type":"","background-media":"","overlay-type":"","overlay-color":"","overlay-opacity":"","overlay-gradient":""},"mobile":{"background-color":"var(--ast-global-color-5)","background-image":"","background-repeat":"repeat","background-position":"center center","background-size":"auto","background-attachment":"scroll","background-type":"","background-media":"","overlay-type":"","overlay-color":"","overlay-opacity":"","overlay-gradient":""}},"footnotes":""},"class_list":["post-3750","page","type-page","status-publish","has-post-thumbnail","hentry"],"yoast_head":"<!-- This site is optimized with the Yoast SEO plugin v27.5 - https:\/\/yoast.com\/product\/yoast-seo-wordpress\/ -->\n<title>Raquel e Amanda - Mate Estudio Casamentos<\/title>\n<meta name=\"robots\" content=\"index, follow, max-snippet:-1, max-image-preview:large, max-video-preview:-1\" \/>\n<link rel=\"canonical\" href=\"https:\/\/www.matestudio.love\/pt-pt\/raquel-e-amanda\/\" \/>\n<meta property=\"og:locale\" content=\"pt_PT\" \/>\n<meta property=\"og:type\" content=\"article\" \/>\n<meta property=\"og:title\" content=\"Raquel e Amanda - Mate Estudio Casamentos\" \/>\n<meta property=\"og:description\" content=\"Dois olhares&#8230; \u00c9 um sonhador ou um realista? \u00c9 dif\u00edcil criar algo a partir do zero e v\u00ea-lo crescer. \u00c9 dif\u00edcil criar algo do zero por si pr\u00f3prio e certamente n\u00e3o \u00e9 f\u00e1cil faz\u00ea-lo em conjunto com a pessoa mais diferente do mundo. \u00c9 dif\u00edcil mas \u00e9 tamb\u00e9m divertido, enriquecedor e um tsunami completo. \u00c9 [&hellip;]\" \/>\n<meta property=\"og:url\" content=\"https:\/\/www.matestudio.love\/pt-pt\/raquel-e-amanda\/\" \/>\n<meta property=\"og:site_name\" content=\"Mate Estudio Casamentos\" \/>\n<meta property=\"article:modified_time\" content=\"2022-06-08T21:10:08+00:00\" \/>\n<meta property=\"og:image\" content=\"https:\/\/www.matestudio.love\/wp-content\/uploads\/2019\/08\/fotografias-de-boda-en-quinta-lago-dos-cisnes-mate-bodas-15.jpg\" \/>\n\t<meta property=\"og:image:width\" content=\"1120\" \/>\n\t<meta property=\"og:image:height\" content=\"747\" \/>\n\t<meta property=\"og:image:type\" content=\"image\/jpeg\" \/>\n<meta name=\"twitter:card\" content=\"summary_large_image\" \/>\n<meta name=\"twitter:label1\" content=\"Tempo estimado de leitura\" \/>\n\t<meta name=\"twitter:data1\" content=\"2 minutos\" \/>\n<script type=\"application\/ld+json\" class=\"yoast-schema-graph\">{\"@context\":\"https:\\\/\\\/schema.org\",\"@graph\":[{\"@type\":\"WebPage\",\"@id\":\"https:\\\/\\\/www.matestudio.love\\\/pt-pt\\\/raquel-e-amanda\\\/\",\"url\":\"https:\\\/\\\/www.matestudio.love\\\/pt-pt\\\/raquel-e-amanda\\\/\",\"name\":\"Raquel e Amanda - Mate Estudio Casamentos\",\"isPartOf\":{\"@id\":\"https:\\\/\\\/www.matestudio.love\\\/pt-pt\\\/#website\"},\"primaryImageOfPage\":{\"@id\":\"https:\\\/\\\/www.matestudio.love\\\/pt-pt\\\/raquel-e-amanda\\\/#primaryimage\"},\"image\":{\"@id\":\"https:\\\/\\\/www.matestudio.love\\\/pt-pt\\\/raquel-e-amanda\\\/#primaryimage\"},\"thumbnailUrl\":\"https:\\\/\\\/www.matestudio.love\\\/wp-content\\\/uploads\\\/2019\\\/08\\\/fotografias-de-boda-en-quinta-lago-dos-cisnes-mate-bodas-15.jpg\",\"datePublished\":\"2019-08-07T06:19:13+00:00\",\"dateModified\":\"2022-06-08T21:10:08+00:00\",\"breadcrumb\":{\"@id\":\"https:\\\/\\\/www.matestudio.love\\\/pt-pt\\\/raquel-e-amanda\\\/#breadcrumb\"},\"inLanguage\":\"pt-PT\",\"potentialAction\":[{\"@type\":\"ReadAction\",\"target\":[\"https:\\\/\\\/www.matestudio.love\\\/pt-pt\\\/raquel-e-amanda\\\/\"]}]},{\"@type\":\"ImageObject\",\"inLanguage\":\"pt-PT\",\"@id\":\"https:\\\/\\\/www.matestudio.love\\\/pt-pt\\\/raquel-e-amanda\\\/#primaryimage\",\"url\":\"https:\\\/\\\/www.matestudio.love\\\/wp-content\\\/uploads\\\/2019\\\/08\\\/fotografias-de-boda-en-quinta-lago-dos-cisnes-mate-bodas-15.jpg\",\"contentUrl\":\"https:\\\/\\\/www.matestudio.love\\\/wp-content\\\/uploads\\\/2019\\\/08\\\/fotografias-de-boda-en-quinta-lago-dos-cisnes-mate-bodas-15.jpg\",\"width\":1120,\"height\":747},{\"@type\":\"BreadcrumbList\",\"@id\":\"https:\\\/\\\/www.matestudio.love\\\/pt-pt\\\/raquel-e-amanda\\\/#breadcrumb\",\"itemListElement\":[{\"@type\":\"ListItem\",\"position\":1,\"name\":\"P\u00e1gina inicial\",\"item\":\"https:\\\/\\\/www.matestudio.love\\\/pt-pt\\\/fotografos-de-casamento-mate-studio-em-galicia-e-portugal\\\/\"},{\"@type\":\"ListItem\",\"position\":2,\"name\":\"Raquel e Amanda\"}]},{\"@type\":\"WebSite\",\"@id\":\"https:\\\/\\\/www.matestudio.love\\\/pt-pt\\\/#website\",\"url\":\"https:\\\/\\\/www.matestudio.love\\\/pt-pt\\\/\",\"name\":\"Mate Estudio Casamentos\",\"description\":\"Fot\u00f3grafos de casamentos na Galiza, Espanha.\",\"publisher\":{\"@id\":\"https:\\\/\\\/www.matestudio.love\\\/pt-pt\\\/#organization\"},\"potentialAction\":[{\"@type\":\"SearchAction\",\"target\":{\"@type\":\"EntryPoint\",\"urlTemplate\":\"https:\\\/\\\/www.matestudio.love\\\/pt-pt\\\/?s={search_term_string}\"},\"query-input\":{\"@type\":\"PropertyValueSpecification\",\"valueRequired\":true,\"valueName\":\"search_term_string\"}}],\"inLanguage\":\"pt-PT\"},{\"@type\":\"Organization\",\"@id\":\"https:\\\/\\\/www.matestudio.love\\\/pt-pt\\\/#organization\",\"name\":\"Mate Estudio Casamentos\",\"url\":\"https:\\\/\\\/www.matestudio.love\\\/pt-pt\\\/\",\"logo\":{\"@type\":\"ImageObject\",\"inLanguage\":\"pt-PT\",\"@id\":\"https:\\\/\\\/www.matestudio.love\\\/pt-pt\\\/#\\\/schema\\\/logo\\\/image\\\/\",\"url\":\"https:\\\/\\\/www.matestudio.love\\\/wp-content\\\/uploads\\\/2019\\\/11\\\/mate-estudio.png\",\"contentUrl\":\"https:\\\/\\\/www.matestudio.love\\\/wp-content\\\/uploads\\\/2019\\\/11\\\/mate-estudio.png\",\"width\":400,\"height\":150,\"caption\":\"Mate Estudio Casamentos\"},\"image\":{\"@id\":\"https:\\\/\\\/www.matestudio.love\\\/pt-pt\\\/#\\\/schema\\\/logo\\\/image\\\/\"}}]}<\/script>\n<!-- \/ Yoast SEO plugin. -->","yoast_head_json":{"title":"Raquel e Amanda - Mate Estudio Casamentos","robots":{"index":"index","follow":"follow","max-snippet":"max-snippet:-1","max-image-preview":"max-image-preview:large","max-video-preview":"max-video-preview:-1"},"canonical":"https:\/\/www.matestudio.love\/pt-pt\/raquel-e-amanda\/","og_locale":"pt_PT","og_type":"article","og_title":"Raquel e Amanda - Mate Estudio Casamentos","og_description":"Dois olhares&#8230; \u00c9 um sonhador ou um realista? \u00c9 dif\u00edcil criar algo a partir do zero e v\u00ea-lo crescer. \u00c9 dif\u00edcil criar algo do zero por si pr\u00f3prio e certamente n\u00e3o \u00e9 f\u00e1cil faz\u00ea-lo em conjunto com a pessoa mais diferente do mundo. \u00c9 dif\u00edcil mas \u00e9 tamb\u00e9m divertido, enriquecedor e um tsunami completo. \u00c9 [&hellip;]","og_url":"https:\/\/www.matestudio.love\/pt-pt\/raquel-e-amanda\/","og_site_name":"Mate Estudio Casamentos","article_modified_time":"2022-06-08T21:10:08+00:00","og_image":[{"width":1120,"height":747,"url":"https:\/\/www.matestudio.love\/wp-content\/uploads\/2019\/08\/fotografias-de-boda-en-quinta-lago-dos-cisnes-mate-bodas-15.jpg","type":"image\/jpeg"}],"twitter_card":"summary_large_image","twitter_misc":{"Tempo estimado de leitura":"2 minutos"},"schema":{"@context":"https:\/\/schema.org","@graph":[{"@type":"WebPage","@id":"https:\/\/www.matestudio.love\/pt-pt\/raquel-e-amanda\/","url":"https:\/\/www.matestudio.love\/pt-pt\/raquel-e-amanda\/","name":"Raquel e Amanda - Mate Estudio Casamentos","isPartOf":{"@id":"https:\/\/www.matestudio.love\/pt-pt\/#website"},"primaryImageOfPage":{"@id":"https:\/\/www.matestudio.love\/pt-pt\/raquel-e-amanda\/#primaryimage"},"image":{"@id":"https:\/\/www.matestudio.love\/pt-pt\/raquel-e-amanda\/#primaryimage"},"thumbnailUrl":"https:\/\/www.matestudio.love\/wp-content\/uploads\/2019\/08\/fotografias-de-boda-en-quinta-lago-dos-cisnes-mate-bodas-15.jpg","datePublished":"2019-08-07T06:19:13+00:00","dateModified":"2022-06-08T21:10:08+00:00","breadcrumb":{"@id":"https:\/\/www.matestudio.love\/pt-pt\/raquel-e-amanda\/#breadcrumb"},"inLanguage":"pt-PT","potentialAction":[{"@type":"ReadAction","target":["https:\/\/www.matestudio.love\/pt-pt\/raquel-e-amanda\/"]}]},{"@type":"ImageObject","inLanguage":"pt-PT","@id":"https:\/\/www.matestudio.love\/pt-pt\/raquel-e-amanda\/#primaryimage","url":"https:\/\/www.matestudio.love\/wp-content\/uploads\/2019\/08\/fotografias-de-boda-en-quinta-lago-dos-cisnes-mate-bodas-15.jpg","contentUrl":"https:\/\/www.matestudio.love\/wp-content\/uploads\/2019\/08\/fotografias-de-boda-en-quinta-lago-dos-cisnes-mate-bodas-15.jpg","width":1120,"height":747},{"@type":"BreadcrumbList","@id":"https:\/\/www.matestudio.love\/pt-pt\/raquel-e-amanda\/#breadcrumb","itemListElement":[{"@type":"ListItem","position":1,"name":"P\u00e1gina inicial","item":"https:\/\/www.matestudio.love\/pt-pt\/fotografos-de-casamento-mate-studio-em-galicia-e-portugal\/"},{"@type":"ListItem","position":2,"name":"Raquel e Amanda"}]},{"@type":"WebSite","@id":"https:\/\/www.matestudio.love\/pt-pt\/#website","url":"https:\/\/www.matestudio.love\/pt-pt\/","name":"Mate Estudio Casamentos","description":"Fot\u00f3grafos de casamentos na Galiza, Espanha.","publisher":{"@id":"https:\/\/www.matestudio.love\/pt-pt\/#organization"},"potentialAction":[{"@type":"SearchAction","target":{"@type":"EntryPoint","urlTemplate":"https:\/\/www.matestudio.love\/pt-pt\/?s={search_term_string}"},"query-input":{"@type":"PropertyValueSpecification","valueRequired":true,"valueName":"search_term_string"}}],"inLanguage":"pt-PT"},{"@type":"Organization","@id":"https:\/\/www.matestudio.love\/pt-pt\/#organization","name":"Mate Estudio Casamentos","url":"https:\/\/www.matestudio.love\/pt-pt\/","logo":{"@type":"ImageObject","inLanguage":"pt-PT","@id":"https:\/\/www.matestudio.love\/pt-pt\/#\/schema\/logo\/image\/","url":"https:\/\/www.matestudio.love\/wp-content\/uploads\/2019\/11\/mate-estudio.png","contentUrl":"https:\/\/www.matestudio.love\/wp-content\/uploads\/2019\/11\/mate-estudio.png","width":400,"height":150,"caption":"Mate Estudio Casamentos"},"image":{"@id":"https:\/\/www.matestudio.love\/pt-pt\/#\/schema\/logo\/image\/"}}]}},"_links":{"self":[{"href":"https:\/\/www.matestudio.love\/pt-pt\/wp-json\/wp\/v2\/pages\/3750","targetHints":{"allow":["GET"]}}],"collection":[{"href":"https:\/\/www.matestudio.love\/pt-pt\/wp-json\/wp\/v2\/pages"}],"about":[{"href":"https:\/\/www.matestudio.love\/pt-pt\/wp-json\/wp\/v2\/types\/page"}],"author":[{"embeddable":true,"href":"https:\/\/www.matestudio.love\/pt-pt\/wp-json\/wp\/v2\/users\/1"}],"replies":[{"embeddable":true,"href":"https:\/\/www.matestudio.love\/pt-pt\/wp-json\/wp\/v2\/comments?post=3750"}],"version-history":[{"count":0,"href":"https:\/\/www.matestudio.love\/pt-pt\/wp-json\/wp\/v2\/pages\/3750\/revisions"}],"wp:featuredmedia":[{"embeddable":true,"href":"https:\/\/www.matestudio.love\/pt-pt\/wp-json\/wp\/v2\/media\/2212"}],"wp:attachment":[{"href":"https:\/\/www.matestudio.love\/pt-pt\/wp-json\/wp\/v2\/media?parent=3750"}],"curies":[{"name":"wp","href":"https:\/\/api.w.org\/{rel}","templated":true}]}}